{"id":1369,"date":"2023-09-12T05:57:32","date_gmt":"2023-09-12T03:57:32","guid":{"rendered":"https:\/\/lescrd.org\/?page_id=1369"},"modified":"2025-08-22T00:26:04","modified_gmt":"2025-08-21T22:26:04","slug":"1369-2","status":"publish","type":"page","link":"https:\/\/lescrd.org\/","title":{"rendered":"Les citoyen-ne-s pour le renouvellement d\u00e9mocratique"},"content":{"rendered":"\n<p>Climat, \u00e9galit\u00e9, \u00e9cole, sant\u00e9, s\u00e9curit\u00e9&#8230; On pourra tout am\u00e9liorer. Avec une m\u00e9thodologie \u00e9prouv\u00e9e, les CRD proposent, avec votre aide, un chemin pour mieux mettre en \u0153uvre le principe fondateur de notre r\u00e9publique : un gouvernement du peuple, par le peuple, pour le peuple. Ce qui transformerait radicalement notre soci\u00e9t\u00e9.<\/p>\n\n\n\n<figure class=\"wp-block-gallery has-nested-images columns-default is-cropped wp-block-gallery-1 is-layout-flex wp-block-gallery-is-layout-flex\">\n<figure class=\"wp-block-image size-large\"><a href=\"https:\/\/lescrd.org\/wp-content\/uploads\/2023\/09\/Une-conference-organise-par-les-CRD-au-salon-Primevere-2023-1-scaled.jpg\"><img decoding=\"async\" width=\"1024\" height=\"768\" data-id=\"1374\" src=\"https:\/\/lescrd.org\/wp-content\/uploads\/2023\/09\/Une-conference-organise-par-les-CRD-au-salon-Primevere-2023-1-1024x768.jpg\" alt=\"Une conf\u00e9rence organis\u00e9 par les CRD au salon Primev\u00e8re 2023\" class=\"wp-image-1374\" srcset=\"https:\/\/lescrd.org\/wp-content\/uploads\/2023\/09\/Une-conference-organise-par-les-CRD-au-salon-Primevere-2023-1-1024x768.jpg 1024w, https:\/\/lescrd.org\/wp-content\/uploads\/2023\/09\/Une-conference-organise-par-les-CRD-au-salon-Primevere-2023-1-300x225.jpg 300w, https:\/\/lescrd.org\/wp-content\/uploads\/2023\/09\/Une-conference-organise-par-les-CRD-au-salon-Primevere-2023-1-768x576.jpg 768w, https:\/\/lescrd.org\/wp-content\/uploads\/2023\/09\/Une-conference-organise-par-les-CRD-au-salon-Primevere-2023-1-1536x1152.jpg 1536w, https:\/\/lescrd.org\/wp-content\/uploads\/2023\/09\/Une-conference-organise-par-les-CRD-au-salon-Primevere-2023-1-2048x1536.jpg 2048w, https:\/\/lescrd.org\/wp-content\/uploads\/2023\/09\/Une-conference-organise-par-les-CRD-au-salon-Primevere-2023-1-1200x900.jpg 1200w, https:\/\/lescrd.org\/wp-content\/uploads\/2023\/09\/Une-conference-organise-par-les-CRD-au-salon-Primevere-2023-1-1980x1485.jpg 1980w\" sizes=\"(max-width: 1024px) 100vw, 1024px\" \/><\/a><figcaption class=\"wp-element-caption\">Une conf\u00e9rence organis\u00e9 par les CRD au salon Primev\u00e8re 2023<\/figcaption><\/figure>\n\n\n\n<figure class=\"wp-block-image size-large\"><a href=\"https:\/\/lescrd.org\/wp-content\/uploads\/2023\/09\/Photo-cartons-couleur-VOUS-DEVEZ-METTRE-c-Franck-Hamon-Rennes-Metropole.png\"><img decoding=\"async\" width=\"901\" height=\"550\" data-id=\"1373\" src=\"https:\/\/lescrd.org\/wp-content\/uploads\/2023\/09\/Photo-cartons-couleur-VOUS-DEVEZ-METTRE-c-Franck-Hamon-Rennes-Metropole.png\" alt=\"Les cartons de couleur pour d\u00e9cider au consentement. \u00a9 Franck Hamon Rennes.\" class=\"wp-image-1373\" srcset=\"https:\/\/lescrd.org\/wp-content\/uploads\/2023\/09\/Photo-cartons-couleur-VOUS-DEVEZ-METTRE-c-Franck-Hamon-Rennes-Metropole.png 901w, https:\/\/lescrd.org\/wp-content\/uploads\/2023\/09\/Photo-cartons-couleur-VOUS-DEVEZ-METTRE-c-Franck-Hamon-Rennes-Metropole-300x183.png 300w, https:\/\/lescrd.org\/wp-content\/uploads\/2023\/09\/Photo-cartons-couleur-VOUS-DEVEZ-METTRE-c-Franck-Hamon-Rennes-Metropole-768x469.png 768w\" sizes=\"(max-width: 901px) 100vw, 901px\" \/><\/a><figcaption class=\"wp-element-caption\">Les cartons de couleur pour d\u00e9cider au consentement. <br>\u00a9 Franck Hamon Rennes<\/figcaption><\/figure>\n\n\n\n<figure class=\"wp-block-image size-large\"><a href=\"https:\/\/lescrd.org\/wp-content\/uploads\/2023\/09\/Super-photo-Rennes-scaled.jpg\"><img decoding=\"async\" width=\"1024\" height=\"768\" data-id=\"1372\" src=\"https:\/\/lescrd.org\/wp-content\/uploads\/2023\/09\/Super-photo-Rennes-1024x768.jpg\" alt=\"Lucie, Nicolas, Louis-Marie et No\u00e9mie \u00e0 Renne M\u00e9tropole \" class=\"wp-image-1372\" srcset=\"https:\/\/lescrd.org\/wp-content\/uploads\/2023\/09\/Super-photo-Rennes-1024x768.jpg 1024w, https:\/\/lescrd.org\/wp-content\/uploads\/2023\/09\/Super-photo-Rennes-300x225.jpg 300w, https:\/\/lescrd.org\/wp-content\/uploads\/2023\/09\/Super-photo-Rennes-768x576.jpg 768w, https:\/\/lescrd.org\/wp-content\/uploads\/2023\/09\/Super-photo-Rennes-1536x1152.jpg 1536w, https:\/\/lescrd.org\/wp-content\/uploads\/2023\/09\/Super-photo-Rennes-2048x1536.jpg 2048w, https:\/\/lescrd.org\/wp-content\/uploads\/2023\/09\/Super-photo-Rennes-1200x900.jpg 1200w, https:\/\/lescrd.org\/wp-content\/uploads\/2023\/09\/Super-photo-Rennes-1980x1485.jpg 1980w\" sizes=\"(max-width: 1024px) 100vw, 1024px\" \/><\/a><figcaption class=\"wp-element-caption\">Lucie, Nicolas, Louis-Marie et No\u00e9mie animent \u00e0 Renne M\u00e9tropole<\/figcaption><\/figure>\n\n\n\n<figure class=\"wp-block-image size-large\"><a href=\"https:\/\/lescrd.org\/wp-content\/uploads\/2023\/09\/On-la-branche-sur-Les-CRD-scaled.jpg\"><img decoding=\"async\" width=\"768\" height=\"1024\" data-id=\"1371\" src=\"https:\/\/lescrd.org\/wp-content\/uploads\/2023\/09\/On-la-branche-sur-Les-CRD-768x1024.jpg\" alt=\"On la branche sur Les CRD !\" class=\"wp-image-1371\" srcset=\"https:\/\/lescrd.org\/wp-content\/uploads\/2023\/09\/On-la-branche-sur-Les-CRD-768x1024.jpg 768w, https:\/\/lescrd.org\/wp-content\/uploads\/2023\/09\/On-la-branche-sur-Les-CRD-225x300.jpg 225w, https:\/\/lescrd.org\/wp-content\/uploads\/2023\/09\/On-la-branche-sur-Les-CRD-1152x1536.jpg 1152w, https:\/\/lescrd.org\/wp-content\/uploads\/2023\/09\/On-la-branche-sur-Les-CRD-1536x2048.jpg 1536w, https:\/\/lescrd.org\/wp-content\/uploads\/2023\/09\/On-la-branche-sur-Les-CRD-1200x1600.jpg 1200w, https:\/\/lescrd.org\/wp-content\/uploads\/2023\/09\/On-la-branche-sur-Les-CRD-1980x2640.jpg 1980w, https:\/\/lescrd.org\/wp-content\/uploads\/2023\/09\/On-la-branche-sur-Les-CRD-scaled.jpg 1920w\" sizes=\"(max-width: 768px) 100vw, 768px\" \/><\/a><figcaption class=\"wp-element-caption\">On la branche sur Les CRD !<\/figcaption><\/figure>\n\n\n\n<figure class=\"wp-block-image size-large\"><a href=\"https:\/\/lescrd.org\/wp-content\/uploads\/2023\/09\/Un-repas-avec-des-benevoles-scaled.jpg\"><img decoding=\"async\" width=\"768\" height=\"1024\" data-id=\"1370\" src=\"https:\/\/lescrd.org\/wp-content\/uploads\/2023\/09\/Un-repas-avec-des-benevoles-768x1024.jpg\" alt=\"Un repas avec des b\u00e9n\u00e9voles\" class=\"wp-image-1370\" srcset=\"https:\/\/lescrd.org\/wp-content\/uploads\/2023\/09\/Un-repas-avec-des-benevoles-768x1024.jpg 768w, https:\/\/lescrd.org\/wp-content\/uploads\/2023\/09\/Un-repas-avec-des-benevoles-225x300.jpg 225w, https:\/\/lescrd.org\/wp-content\/uploads\/2023\/09\/Un-repas-avec-des-benevoles-1152x1536.jpg 1152w, https:\/\/lescrd.org\/wp-content\/uploads\/2023\/09\/Un-repas-avec-des-benevoles-1536x2048.jpg 1536w, https:\/\/lescrd.org\/wp-content\/uploads\/2023\/09\/Un-repas-avec-des-benevoles-1200x1600.jpg 1200w, https:\/\/lescrd.org\/wp-content\/uploads\/2023\/09\/Un-repas-avec-des-benevoles-1980x2640.jpg 1980w, https:\/\/lescrd.org\/wp-content\/uploads\/2023\/09\/Un-repas-avec-des-benevoles-scaled.jpg 1920w\" sizes=\"(max-width: 768px) 100vw, 768px\" \/><\/a><figcaption class=\"wp-element-caption\">Un repas avec des b\u00e9n\u00e9voles, moteurs des CRD, dans notre tiers-lieu \u00e0 Francheville. <\/figcaption><\/figure>\n<\/figure>\n\n\n\n<p><\/p>\n\n\n\n<figure class=\"wp-block-table has-small-font-size\"><table class=\"has-fixed-layout\"><thead><tr><th class=\"has-text-align-center\" data-align=\"center\">Notre pass\u00e9<\/th><th class=\"has-text-align-center\" data-align=\"center\">Notre avenir<\/th><\/tr><\/thead><tbody><tr><td class=\"has-text-align-center\" data-align=\"center\"><strong>Les CRD ont d\u00e9crit et\u00a0analys\u00e9 les difficult\u00e9s de notre d\u00e9mocratie dans leur <a href=\"https:\/\/docs.google.com\/document\/d\/1nO9_mMk5RHDfUxLsguXAw5P4vr0nhnjq2_-Dla7tlF8\/edit\">document fondateur<\/a>.\u00a0<\/strong><br><br><strong>Ce travail a permis d\u2019imaginer une d\u00e9marche pour am\u00e9liorer les choses : <a href=\"https:\/\/lescrd.org\/index.php\/notre-solution\/\">L\u2019ASSEMBL\u00c9E DE CO-<\/a><\/strong><strong><a href=\"https:\/\/lescrd.org\/index.php\/notre-solution\/\">D\u00c9CISION<\/a><\/strong><br><br><strong>Nous l&rsquo;avons exp\u00e9riment\u00e9 \u00e0 Clermont-Ferrand <\/strong>(<a href=\"https:\/\/www.youtube.com\/watch?v=RsKjr9B6U4g\" target=\"_blank\" rel=\"noreferrer noopener\">film ici<\/a> \/<a href=\"https:\/\/clermontparticipatif.fr\/project\/la-votation-citoyenne\/collect\/propositions-issues-de-la-convention-citoyenne\"> propositions ici<\/a>)<strong> et Rennes M\u00e9tropole<\/strong> (<a href=\"https:\/\/www.youtube.com\/watch?v=XU6uhQc2ZR8\" target=\"_blank\" rel=\"noreferrer noopener\">film ici<\/a> \/ <a href=\"https:\/\/metropole.rennes.fr\/participation-citoyenne-dans-la-metropole-une-charte-ecrite-avec-les-habitants\">propositions ici <\/a>\/ <a href=\"https:\/\/www.debatpublic.fr\/charte-de-la-participation-de-rennes-metropole-2879\">Rapport de la CNDP ici<\/a><br>)<strong> avec un succ\u00e8s \u00e9tonnant : \u00e0 chaque fois 100% des propositions de nos panels de citoyen-nes tir\u00e9-es au sort sont adopt\u00e9es en instance l\u00e9gales !<\/strong><br><strong>\u00a0<\/strong><br><strong><a href=\"https:\/\/youtu.be\/9OVH9TiwiQ0\">Voici un film<\/a><\/strong> <strong>qui pr\u00e9sente tous cela en 8 minutes.<\/strong><br><\/td><td class=\"has-text-align-center\" data-align=\"center\"><strong>Imaginez que les sujets : <strong><strong>climat,<\/strong><\/strong> <strong>in\u00e9galit\u00e9s, sant\u00e9, <strong>\u00e9cole, <\/strong>s\u00e9curit\u00e9, <\/strong>travail, retraite, biodiversit\u00e9\u2026 soient trait\u00e9s avec cette m\u00e9thode. Notre soci\u00e9t\u00e9 s\u2019am\u00e9liorerait radicalement : QUEL BONHEUR ! <\/strong><br><strong>Prochaine \u00e9tape pour y arriver : obtenir un nouveau succ\u00e8s, cette fois au niveau national.\u00a0\u00a0<\/strong><br><strong>Pour cela, Les CRD sont coordinateurs  de 2  collectifs :  <\/strong><br><br>\u201c<a href=\"http:\/\/www.lesdecarbonautes.fr\" target=\"_blank\" rel=\"noreferrer noopener\">Les D\u00e9carbonautes\u201d<\/a> qui organise une Assembl\u00e9e de co-d\u00e9cision nationale sur le climat (sept 2025 : nous sommes bloqu\u00e9 par manque de financement. <a href=\"https:\/\/docs.google.com\/presentation\/d\/1nfMJtVLBS0MIpX3efEZp7gc6UwOeiuvGTnV7wRnf5as\/edit?slide=id.p1#slide=id.p1\">Voici notre dossier de demande. <\/a>)<br><br><strong><a href=\"http:\/\/coalition-democratique.org\">\u00ab\u00a0La coalition pour un renouveau d\u00e9mocratique\u00a0\u00bb <\/a>qui organise un processus constituant en 3 \u00e9tapes. 1\u00e8re \u00e9tape, un grand d\u00e9bat citoyen \u00a0\u00bb dans quelle d\u00e9mocratie voulons-nous vivre ?\u00a0\u00bb Lancement le 15 sept 2025. <a href=\"https:\/\/docs.google.com\/forms\/d\/e\/1FAIpQLSeUzVhJjSwn4AKAm525E3jp5ebNBuJICYvmaSrvvAwn2F2jkQ\/viewform?usp=sf_link\">Questionnaire d&#8217;embarquement.<\/a><\/strong><\/td><\/tr><\/tbody><\/table><\/figure>\n\n\n\n<p class=\"has-text-align-center\"><strong>  LE PLUS IMPORTANT :  <\/strong><\/p>\n\n\n\n<p class=\"has-text-align-center\"><strong>Pour nous soutenir, recevoir la lettre d&rsquo;information des CRD, voter en AG, etc. <\/strong><\/p>\n\n\n\n<p class=\"has-text-align-center\"><strong><a href=\"https:\/\/www.helloasso.com\/associations\/citoyens-pour-le-renouvellement-de-la-democratie\/adhesions\/adhesion-association-les-crd-les-decarbonautes\">L\u2019ADH\u00c9SION EST ICI  (0\u20ac possible<\/a>) <\/strong><\/p>\n\n\n\n<p class=\"has-text-align-center\"><strong> <\/strong>Nos actualit\u00e9s sont sur <a href=\"https:\/\/www.facebook.com\/LesCRD\/\" target=\"_blank\" rel=\"noreferrer noopener\">Facebook<\/a>\u00a0(parfois) et<a href=\"https:\/\/www.linkedin.com\/company\/les-citoyens-pour-le-renouvellement-de-la-d%C3%A9mocratie\/?viewAsMember=true\" target=\"_blank\" rel=\"noreferrer noopener\">\u00a0LinkedIn<\/a> (souvent)<\/p>\n\n\n\n<p class=\"has-text-align-center\"><\/p>\n","protected":false},"excerpt":{"rendered":"<p>Climat, \u00e9galit\u00e9, \u00e9cole, sant\u00e9, s\u00e9curit\u00e9&#8230; On pourra tout am\u00e9liorer. Avec une m\u00e9thodologie \u00e9prouv\u00e9e, les CRD proposent, avec votre aide, un chemin pour mieux mettre en \u0153uvre le principe fondateur de notre r\u00e9publique : un gouvernement du peuple, par le peuple, pour le peuple. Ce qui transformerait radicalement notre soci\u00e9t\u00e9. Notre pass\u00e9 Notre avenir Les CRD [&hellip;]<\/p>\n","protected":false},"author":14,"featured_media":0,"parent":0,"menu_order":0,"comment_status":"closed","ping_status":"closed","template":"","meta":{"footnotes":""},"_links":{"self":[{"href":"https:\/\/lescrd.org\/index.php\/wp-json\/wp\/v2\/pages\/1369"}],"collection":[{"href":"https:\/\/lescrd.org\/index.php\/wp-json\/wp\/v2\/pages"}],"about":[{"href":"https:\/\/lescrd.org\/index.php\/wp-json\/wp\/v2\/types\/page"}],"author":[{"embeddable":true,"href":"https:\/\/lescrd.org\/index.php\/wp-json\/wp\/v2\/users\/14"}],"replies":[{"embeddable":true,"href":"https:\/\/lescrd.org\/index.php\/wp-json\/wp\/v2\/comments?post=1369"}],"version-history":[{"count":23,"href":"https:\/\/lescrd.org\/index.php\/wp-json\/wp\/v2\/pages\/1369\/revisions"}],"predecessor-version":[{"id":1558,"href":"https:\/\/lescrd.org\/index.php\/wp-json\/wp\/v2\/pages\/1369\/revisions\/1558"}],"wp:attachment":[{"href":"https:\/\/lescrd.org\/index.php\/wp-json\/wp\/v2\/media?parent=1369"}],"curies":[{"name":"wp","href":"https:\/\/api.w.org\/{rel}","templated":true}]}}